{"id":9681,"date":"2026-07-24T17:10:27","date_gmt":"2026-07-24T20:10:27","guid":{"rendered":"https:\/\/www3.santoandre.sp.gov.br\/portaldoempreendedor\/?page_id=9681"},"modified":"2026-07-24T17:16:31","modified_gmt":"2026-07-24T20:16:31","slug":"mvs-licitacoes-e-contratos","status":"publish","type":"page","link":"https:\/\/www3.santoandre.sp.gov.br\/portaldoempreendedor\/index.php\/encontre-mei-artisticos-criativos-e-eventos\/mvs-licitacoes-e-contratos\/","title":{"rendered":"MVS Licita\u00e7\u00f5es e Contratos"},"content":{"rendered":"\t\t<div data-elementor-type=\"wp-page\" data-elementor-id=\"9681\" class=\"elementor elementor-9681\">\n\t\t\t\t\t\t<section class=\"elementor-section elementor-top-section elementor-element elementor-element-0543c15 elementor-section-boxed elementor-section-height-default elementor-section-height-default\" data-id=\"0543c15\" data-element_type=\"section\">\n\t\t\t\t\t\t<div class=\"elementor-container elementor-column-gap-default\">\n\t\t\t\t\t<div class=\"elementor-column elementor-col-100 elementor-top-column elementor-element elementor-element-04cd14a\" data-id=\"04cd14a\" data-element_type=\"column\">\n\t\t\t<div class=\"elementor-widget-wrap elementor-element-populated\">\n\t\t\t\t\t\t<div class=\"elementor-element elementor-element-3d73267 elementor-arrows-position-inside elementor-pagination-position-outside elementor-widget elementor-widget-image-carousel\" data-id=\"3d73267\" data-element_type=\"widget\" data-settings=\"{&quot;slides_to_show&quot;:&quot;3&quot;,&quot;navigation&quot;:&quot;both&quot;,&quot;autoplay&quot;:&quot;yes&quot;,&quot;pause_on_hover&quot;:&quot;yes&quot;,&quot;pause_on_interaction&quot;:&quot;yes&quot;,&quot;autoplay_speed&quot;:5000,&quot;infinite&quot;:&quot;yes&quot;,&quot;speed&quot;:500,&quot;image_spacing_custom&quot;:{&quot;unit&quot;:&quot;px&quot;,&quot;size&quot;:20,&quot;sizes&quot;:[]},&quot;image_spacing_custom_tablet&quot;:{&quot;unit&quot;:&quot;px&quot;,&quot;size&quot;:&quot;&quot;,&quot;sizes&quot;:[]},&quot;image_spacing_custom_mobile&quot;:{&quot;unit&quot;:&quot;px&quot;,&quot;size&quot;:&quot;&quot;,&quot;sizes&quot;:[]}}\" data-widget_type=\"image-carousel.default\">\n\t\t\t\t<div class=\"elementor-widget-container\">\n\t\t\t\t\t\t\t<div class=\"elementor-image-carousel-wrapper swiper\" role=\"region\" aria-roledescription=\"carousel\" aria-label=\"Carrossel de imagens\" dir=\"ltr\">\n\t\t\t<div class=\"elementor-image-carousel swiper-wrapper\" aria-live=\"off\">\n\t\t\t\t\t\t\t\t<div class=\"swiper-slide\" role=\"group\" aria-roledescription=\"slide\" aria-label=\"1 de 2\"><figure class=\"swiper-slide-inner\"><img decoding=\"async\" class=\"swiper-slide-image\" src=\"https:\/\/www3.santoandre.sp.gov.br\/portaldoempreendedor\/wp-content\/uploads\/2026\/07\/I\u2560uCONE-DA-MARCA-PATTERN-01-Murillo-Paulo-1-300x300.png\" alt=\"I\u2560\u00fcCONE DA MARCA - PATTERN-01 - Murillo Paulo\" \/><\/figure><\/div><div class=\"swiper-slide\" role=\"group\" aria-roledescription=\"slide\" aria-label=\"2 de 2\"><figure class=\"swiper-slide-inner\"><img decoding=\"async\" class=\"swiper-slide-image\" src=\"https:\/\/www3.santoandre.sp.gov.br\/portaldoempreendedor\/wp-content\/uploads\/2026\/07\/CARTA\u2560aO-VISITAS-02-Murillo-Paulo-300x167.png\" alt=\"CARTA\u2560\u00e2O VISITAS-02 - Murillo Paulo\" \/><\/figure><\/div>\t\t\t<\/div>\n\t\t\t\t\t\t\t\t\t\t\t\t<div class=\"elementor-swiper-button elementor-swiper-button-prev\" role=\"button\" tabindex=\"0\">\n\t\t\t\t\t\t<i aria-hidden=\"true\" class=\"eicon-chevron-left\"><\/i>\t\t\t\t\t<\/div>\n\t\t\t\t\t<div class=\"elementor-swiper-button elementor-swiper-button-next\" role=\"button\" tabindex=\"0\">\n\t\t\t\t\t\t<i aria-hidden=\"true\" class=\"eicon-chevron-right\"><\/i>\t\t\t\t\t<\/div>\n\t\t\t\t\n\t\t\t\t\t\t\t\t\t<div class=\"swiper-pagination\"><\/div>\n\t\t\t\t\t\t\t\t\t<\/div>\n\t\t\t\t\t\t<\/div>\n\t\t\t\t<\/div>\n\t\t\t\t\t<\/div>\n\t\t<\/div>\n\t\t\t\t\t<\/div>\n\t\t<\/section>\n\t\t\t\t<section class=\"elementor-section elementor-top-section elementor-element elementor-element-7561afd elementor-section-boxed elementor-section-height-default elementor-section-height-default\" data-id=\"7561afd\" data-element_type=\"section\">\n\t\t\t\t\t\t<div class=\"elementor-container elementor-column-gap-default\">\n\t\t\t\t\t<div class=\"elementor-column elementor-col-100 elementor-top-column elementor-element elementor-element-9e0acd3\" data-id=\"9e0acd3\" data-element_type=\"column\">\n\t\t\t<div class=\"elementor-widget-wrap elementor-element-populated\">\n\t\t\t\t\t\t<div class=\"elementor-element elementor-element-2106981 elementor-widget elementor-widget-text-editor\" data-id=\"2106981\" data-element_type=\"widget\" data-widget_type=\"text-editor.default\">\n\t\t\t\t<div class=\"elementor-widget-container\">\n\t\t\t\t\t\t\t\t\t<p>Presta\u00e7\u00e3o de servi\u00e7os de assessoria e consultoria em licita\u00e7\u00f5es p\u00fablicas para empresas, incluindo an\u00e1lise de editais, organiza\u00e7\u00e3o documental, cadastro em sistemas governamentais, acompanhamento de preg\u00f5es eletr\u00f4nicos, suporte em recursos administrativos e gest\u00e3o de contratos p\u00fablicos. Atua\u00e7\u00e3o focada em estrat\u00e9gia, conformidade e amplia\u00e7\u00e3o de oportunidades de neg\u00f3cios junto \u00e0 Administra\u00e7\u00e3o P\u00fablica.<\/p>\t\t\t\t\t\t\t\t<\/div>\n\t\t\t\t<\/div>\n\t\t\t\t<div class=\"elementor-element elementor-element-be1d55d elementor-widget-divider--view-line_icon elementor-view-default elementor-widget-divider--element-align-center elementor-widget elementor-widget-divider\" data-id=\"be1d55d\" data-element_type=\"widget\" data-widget_type=\"divider.default\">\n\t\t\t\t<div class=\"elementor-widget-container\">\n\t\t\t\t\t\t\t<div class=\"elementor-divider\">\n\t\t\t<span class=\"elementor-divider-separator\">\n\t\t\t\t\t\t\t<div class=\"elementor-icon elementor-divider__element\">\n\t\t\t\t\t<i aria-hidden=\"true\" class=\"fas fa-search\"><\/i><\/div>\n\t\t\t\t\t\t<\/span>\n\t\t<\/div>\n\t\t\t\t\t\t<\/div>\n\t\t\t\t<\/div>\n\t\t\t\t\t<\/div>\n\t\t<\/div>\n\t\t\t\t\t<\/div>\n\t\t<\/section>\n\t\t\t\t<section class=\"elementor-section elementor-top-section elementor-element elementor-element-7b87485 elementor-section-boxed elementor-section-height-default elementor-section-height-default\" data-id=\"7b87485\" data-element_type=\"section\">\n\t\t\t\t\t\t<div class=\"elementor-container elementor-column-gap-default\">\n\t\t\t\t\t<div class=\"elementor-column elementor-col-100 elementor-top-column elementor-element elementor-element-5876596\" data-id=\"5876596\" data-element_type=\"column\">\n\t\t\t<div class=\"elementor-widget-wrap elementor-element-populated\">\n\t\t\t\t\t\t<section class=\"elementor-section elementor-inner-section elementor-element elementor-element-c48b3ab elementor-section-boxed elementor-section-height-default elementor-section-height-default\" data-id=\"c48b3ab\" data-element_type=\"section\">\n\t\t\t\t\t\t<div class=\"elementor-container elementor-column-gap-default\">\n\t\t\t\t\t<div class=\"elementor-column elementor-col-50 elementor-inner-column elementor-element elementor-element-c4c25f8\" data-id=\"c4c25f8\" data-element_type=\"column\">\n\t\t\t<div class=\"elementor-widget-wrap elementor-element-populated\">\n\t\t\t\t\t\t<div class=\"elementor-element elementor-element-bd7f2d7 elementor-widget elementor-widget-image\" data-id=\"bd7f2d7\" data-element_type=\"widget\" data-widget_type=\"image.default\">\n\t\t\t\t<div class=\"elementor-widget-container\">\n\t\t\t\t\t\t\t\t\t\t\t\t\t\t\t<img fetchpriority=\"high\" decoding=\"async\" width=\"800\" height=\"800\" src=\"https:\/\/www3.santoandre.sp.gov.br\/portaldoempreendedor\/wp-content\/uploads\/2026\/07\/I\u2560uCONE-DA-MARCA-PATTERN-01-Murillo-Paulo-1-1024x1024.png\" class=\"attachment-large size-large wp-image-9684\" alt=\"\" srcset=\"https:\/\/www3.santoandre.sp.gov.br\/portaldoempreendedor\/wp-content\/uploads\/2026\/07\/I\u2560uCONE-DA-MARCA-PATTERN-01-Murillo-Paulo-1-1024x1024.png 1024w, https:\/\/www3.santoandre.sp.gov.br\/portaldoempreendedor\/wp-content\/uploads\/2026\/07\/I\u2560uCONE-DA-MARCA-PATTERN-01-Murillo-Paulo-1-300x300.png 300w, https:\/\/www3.santoandre.sp.gov.br\/portaldoempreendedor\/wp-content\/uploads\/2026\/07\/I\u2560uCONE-DA-MARCA-PATTERN-01-Murillo-Paulo-1-150x150.png 150w, https:\/\/www3.santoandre.sp.gov.br\/portaldoempreendedor\/wp-content\/uploads\/2026\/07\/I\u2560uCONE-DA-MARCA-PATTERN-01-Murillo-Paulo-1-768x768.png 768w, https:\/\/www3.santoandre.sp.gov.br\/portaldoempreendedor\/wp-content\/uploads\/2026\/07\/I\u2560uCONE-DA-MARCA-PATTERN-01-Murillo-Paulo-1-1536x1536.png 1536w, https:\/\/www3.santoandre.sp.gov.br\/portaldoempreendedor\/wp-content\/uploads\/2026\/07\/I\u2560uCONE-DA-MARCA-PATTERN-01-Murillo-Paulo-1-2048x2048.png 2048w\" sizes=\"(max-width: 800px) 100vw, 800px\" \/>\t\t\t\t\t\t\t\t\t\t\t\t\t\t\t<\/div>\n\t\t\t\t<\/div>\n\t\t\t\t\t<\/div>\n\t\t<\/div>\n\t\t\t\t<div class=\"elementor-column elementor-col-50 elementor-inner-column elementor-element elementor-element-a513abb\" data-id=\"a513abb\" data-element_type=\"column\">\n\t\t\t<div class=\"elementor-widget-wrap elementor-element-populated\">\n\t\t\t\t\t\t<div class=\"elementor-element elementor-element-7268ae2 elementor-widget elementor-widget-heading\" data-id=\"7268ae2\" data-element_type=\"widget\" data-widget_type=\"heading.default\">\n\t\t\t\t<div class=\"elementor-widget-container\">\n\t\t\t\t\t<h5 class=\"elementor-heading-title elementor-size-default\">Informa\u00e7\u00f5es:<\/h5>\t\t\t\t<\/div>\n\t\t\t\t<\/div>\n\t\t\t\t<div class=\"elementor-element elementor-element-f1aa0c8 elementor-widget elementor-widget-text-editor\" data-id=\"f1aa0c8\" data-element_type=\"widget\" data-widget_type=\"text-editor.default\">\n\t\t\t\t<div class=\"elementor-widget-container\">\n\t\t\t\t\t\t\t\t\t<p><strong><img decoding=\"async\" class=\"\" role=\"img\" draggable=\"false\" src=\"https:\/\/s.w.org\/images\/core\/emoji\/17.0.2\/svg\/1f4cd.svg\" alt=\"\ud83d\udccd\" width=\"18\" height=\"18\" \/> Endere\u00e7o:<\/strong> RUA JUAZEIRO, 233 APTO 01 A 04 PARA\u00cdSO &#8211; SANTO ANDR\u00c9-SP-09190-620<\/p>\t\t\t\t\t\t\t\t<\/div>\n\t\t\t\t<\/div>\n\t\t\t\t<div class=\"elementor-element elementor-element-5e819ff elementor-widget elementor-widget-heading\" data-id=\"5e819ff\" data-element_type=\"widget\" data-widget_type=\"heading.default\">\n\t\t\t\t<div class=\"elementor-widget-container\">\n\t\t\t\t\t<h5 class=\"elementor-heading-title elementor-size-default\">CONHE\u00c7A MAIS:<\/h5>\t\t\t\t<\/div>\n\t\t\t\t<\/div>\n\t\t\t\t<div class=\"elementor-element elementor-element-31e4d7a e-grid-align-left elementor-shape-rounded elementor-grid-0 elementor-widget elementor-widget-social-icons\" data-id=\"31e4d7a\" data-element_type=\"widget\" data-widget_type=\"social-icons.default\">\n\t\t\t\t<div class=\"elementor-widget-container\">\n\t\t\t\t\t\t\t<div class=\"elementor-social-icons-wrapper elementor-grid\">\n\t\t\t\t\t\t\t<span class=\"elementor-grid-item\">\n\t\t\t\t\t<a class=\"elementor-icon elementor-social-icon elementor-social-icon-whatsapp elementor-repeater-item-3ac9bd7\" href=\"http:\/\/wa.me\/11915036622\" target=\"_blank\">\n\t\t\t\t\t\t<span class=\"elementor-screen-only\">Whatsapp<\/span>\n\t\t\t\t\t\t<i class=\"fab fa-whatsapp\"><\/i>\t\t\t\t\t<\/a>\n\t\t\t\t<\/span>\n\t\t\t\t\t\t\t<span class=\"elementor-grid-item\">\n\t\t\t\t\t<a class=\"elementor-icon elementor-social-icon elementor-social-icon-envelope elementor-repeater-item-24b9a9e\" href=\"http:\/\/mvslicitacoesecontratos@gmail.com%20\" target=\"_blank\">\n\t\t\t\t\t\t<span class=\"elementor-screen-only\">Envelope<\/span>\n\t\t\t\t\t\t<i class=\"fas fa-envelope\"><\/i>\t\t\t\t\t<\/a>\n\t\t\t\t<\/span>\n\t\t\t\t\t\t\t<span class=\"elementor-grid-item\">\n\t\t\t\t\t<a class=\"elementor-icon elementor-social-icon elementor-social-icon-instagram elementor-repeater-item-03804b2\" href=\"https:\/\/www.instagram.com\/mvs_licitacoes\/\" target=\"_blank\">\n\t\t\t\t\t\t<span class=\"elementor-screen-only\">Instagram<\/span>\n\t\t\t\t\t\t<i class=\"fab fa-instagram\"><\/i>\t\t\t\t\t<\/a>\n\t\t\t\t<\/span>\n\t\t\t\t\t<\/div>\n\t\t\t\t\t\t<\/div>\n\t\t\t\t<\/div>\n\t\t\t\t\t<\/div>\n\t\t<\/div>\n\t\t\t\t\t<\/div>\n\t\t<\/section>\n\t\t\t\t<div class=\"elementor-element elementor-element-dce22ce elementor-widget-divider--view-line_icon elementor-view-default elementor-widget-divider--element-align-center elementor-widget elementor-widget-divider\" data-id=\"dce22ce\" data-element_type=\"widget\" data-widget_type=\"divider.default\">\n\t\t\t\t<div class=\"elementor-widget-container\">\n\t\t\t\t\t\t\t<div class=\"elementor-divider\">\n\t\t\t<span class=\"elementor-divider-separator\">\n\t\t\t\t\t\t\t<div class=\"elementor-icon elementor-divider__element\">\n\t\t\t\t\t<i aria-hidden=\"true\" class=\"fas fa-search\"><\/i><\/div>\n\t\t\t\t\t\t<\/span>\n\t\t<\/div>\n\t\t\t\t\t\t<\/div>\n\t\t\t\t<\/div>\n\t\t\t\t\t<\/div>\n\t\t<\/div>\n\t\t\t\t\t<\/div>\n\t\t<\/section>\n\t\t\t\t<\/div>\n\t\t","protected":false},"excerpt":{"rendered":"<p>Presta\u00e7\u00e3o de servi\u00e7os de assessoria e consultoria em licita\u00e7\u00f5es p\u00fablicas para empresas, incluindo an\u00e1lise de editais, organiza\u00e7\u00e3o documental, cadastro em sistemas governamentais, acompanhamento de preg\u00f5es eletr\u00f4nicos, suporte em recursos administrativos &#8230;<\/p>\n","protected":false},"author":2,"featured_media":0,"parent":6266,"menu_order":0,"comment_status":"closed","ping_status":"closed","template":"","meta":{"_themeisle_gutenberg_block_has_review":false,"footnotes":""},"class_list":["post-9681","page","type-page","status-publish","hentry"],"jetpack_sharing_enabled":true,"_links":{"self":[{"href":"https:\/\/www3.santoandre.sp.gov.br\/portaldoempreendedor\/index.php\/wp-json\/wp\/v2\/pages\/9681","targetHints":{"allow":["GET"]}}],"collection":[{"href":"https:\/\/www3.santoandre.sp.gov.br\/portaldoempreendedor\/index.php\/wp-json\/wp\/v2\/pages"}],"about":[{"href":"https:\/\/www3.santoandre.sp.gov.br\/portaldoempreendedor\/index.php\/wp-json\/wp\/v2\/types\/page"}],"author":[{"embeddable":true,"href":"https:\/\/www3.santoandre.sp.gov.br\/portaldoempreendedor\/index.php\/wp-json\/wp\/v2\/users\/2"}],"replies":[{"embeddable":true,"href":"https:\/\/www3.santoandre.sp.gov.br\/portaldoempreendedor\/index.php\/wp-json\/wp\/v2\/comments?post=9681"}],"version-history":[{"count":10,"href":"https:\/\/www3.santoandre.sp.gov.br\/portaldoempreendedor\/index.php\/wp-json\/wp\/v2\/pages\/9681\/revisions"}],"predecessor-version":[{"id":9694,"href":"https:\/\/www3.santoandre.sp.gov.br\/portaldoempreendedor\/index.php\/wp-json\/wp\/v2\/pages\/9681\/revisions\/9694"}],"up":[{"embeddable":true,"href":"https:\/\/www3.santoandre.sp.gov.br\/portaldoempreendedor\/index.php\/wp-json\/wp\/v2\/pages\/6266"}],"wp:attachment":[{"href":"https:\/\/www3.santoandre.sp.gov.br\/portaldoempreendedor\/index.php\/wp-json\/wp\/v2\/media?parent=9681"}],"curies":[{"name":"wp","href":"https:\/\/api.w.org\/{rel}","templated":true}]}}