{"id":3029,"date":"2022-01-13T07:19:52","date_gmt":"2022-01-13T10:19:52","guid":{"rendered":"https:\/\/www3.santoandre.sp.gov.br\/portaldoempreendedor\/?page_id=3029"},"modified":"2022-07-26T12:15:21","modified_gmt":"2022-07-26T15:15:21","slug":"inclusao-produtiva","status":"publish","type":"page","link":"https:\/\/www3.santoandre.sp.gov.br\/portaldoempreendedor\/index.php\/inclusao-produtiva\/","title":{"rendered":"INCLUS\u00c3O PRODUTIVA"},"content":{"rendered":"\t\t<div data-elementor-type=\"wp-page\" data-elementor-id=\"3029\" class=\"elementor elementor-3029\">\n\t\t\t\t\t\t<section class=\"elementor-section elementor-top-section elementor-element elementor-element-5d43df6 elementor-section-boxed elementor-section-height-default elementor-section-height-default\" data-id=\"5d43df6\" data-element_type=\"section\">\n\t\t\t\t\t\t<div class=\"elementor-container elementor-column-gap-default\">\n\t\t\t\t\t<div class=\"elementor-column elementor-col-100 elementor-top-column elementor-element elementor-element-d32a864\" data-id=\"d32a864\" data-element_type=\"column\">\n\t\t\t<div class=\"elementor-widget-wrap elementor-element-populated\">\n\t\t\t\t\t\t<div class=\"elementor-element elementor-element-742687f elementor-widget elementor-widget-image\" data-id=\"742687f\" data-element_type=\"widget\" data-widget_type=\"image.default\">\n\t\t\t\t<div class=\"elementor-widget-container\">\n\t\t\t\t\t\t\t\t\t\t\t\t\t\t\t<img decoding=\"async\" width=\"150\" height=\"150\" src=\"https:\/\/www3.santoandre.sp.gov.br\/portaldoempreendedor\/wp-content\/uploads\/2022\/07\/INCLUSAO-PRODUTIVA-logo-150x150.png\" class=\"attachment-thumbnail size-thumbnail wp-image-3748\" alt=\"\" \/>\t\t\t\t\t\t\t\t\t\t\t\t\t\t\t<\/div>\n\t\t\t\t<\/div>\n\t\t\t\t\t<\/div>\n\t\t<\/div>\n\t\t\t\t\t<\/div>\n\t\t<\/section>\n\t\t\t\t<section class=\"elementor-section elementor-top-section elementor-element elementor-element-4331769 elementor-section-boxed elementor-section-height-default elementor-section-height-default\" data-id=\"4331769\" data-element_type=\"section\">\n\t\t\t\t\t\t<div class=\"elementor-container elementor-column-gap-default\">\n\t\t\t\t\t<div class=\"elementor-column elementor-col-100 elementor-top-column elementor-element elementor-element-ffc51d6\" data-id=\"ffc51d6\" data-element_type=\"column\">\n\t\t\t<div class=\"elementor-widget-wrap elementor-element-populated\">\n\t\t\t\t\t\t<div class=\"elementor-element elementor-element-d430f4d elementor-widget elementor-widget-text-editor\" data-id=\"d430f4d\" data-element_type=\"widget\" data-widget_type=\"text-editor.default\">\n\t\t\t\t<div class=\"elementor-widget-container\">\n\t\t\t\t\t\t\t\t\t<p>O programa de Inclus\u00e3o Produtiva de Santo Andr\u00e9 tem por objetivo apoiar a inclus\u00e3o das pessoas em vulnerabilidade econ\u00f4mica e social da cidade no mundo do trabalho ou do empreendedorismo, buscando diminuir a exclus\u00e3o social e promover a dignidade do cidad\u00e3o.<\/p>\n<p><b>Encontre aqui os servi\u00e7os e as estruturas oferecidos pela Prefeitura:<\/b><\/p>\t\t\t\t\t\t\t\t<\/div>\n\t\t\t\t<\/div>\n\t\t\t\t\t<\/div>\n\t\t<\/div>\n\t\t\t\t\t<\/div>\n\t\t<\/section>\n\t\t\t\t<section class=\"elementor-section elementor-top-section elementor-element elementor-element-4a62a83b elementor-section-boxed elementor-section-height-default elementor-section-height-default\" data-id=\"4a62a83b\" data-element_type=\"section\">\n\t\t\t\t\t\t<div class=\"elementor-container elementor-column-gap-default\">\n\t\t\t\t\t<div class=\"elementor-column elementor-col-100 elementor-top-column elementor-element elementor-element-5e47abcc\" data-id=\"5e47abcc\" data-element_type=\"column\">\n\t\t\t<div class=\"elementor-widget-wrap elementor-element-populated\">\n\t\t\t\t\t\t<div class=\"elementor-element elementor-element-535ae793 elementor-widget elementor-widget-text-editor\" data-id=\"535ae793\" data-element_type=\"widget\" data-widget_type=\"text-editor.default\">\n\t\t\t\t<div class=\"elementor-widget-container\">\n\t\t\t\t\t\t\t\t\t\n<div class=\"wp-block-cover has-background-dim-60 has-black-background-color has-background-dim\" style=\"min-height: 154px;aspect-ratio:unset;\"><img fetchpriority=\"high\" decoding=\"async\" width=\"1000\" height=\"669\" class=\"wp-block-cover__image-background wp-image-3125\" src=\"https:\/\/www3.santoandre.sp.gov.br\/meunegocio\/wp-content\/uploads\/2022\/01\/SER.jpg\" alt=\"\" data-object-fit=\"cover\" srcset=\"https:\/\/www3.santoandre.sp.gov.br\/portaldoempreendedor\/wp-content\/uploads\/2022\/01\/SER.jpg 1000w, https:\/\/www3.santoandre.sp.gov.br\/portaldoempreendedor\/wp-content\/uploads\/2022\/01\/SER-300x201.jpg 300w, https:\/\/www3.santoandre.sp.gov.br\/portaldoempreendedor\/wp-content\/uploads\/2022\/01\/SER-768x514.jpg 768w\" sizes=\"(max-width: 1000px) 100vw, 1000px\" \/>\n<div class=\"wp-block-cover__inner-container is-layout-flow wp-block-cover-is-layout-flow\">\n<p class=\"has-text-align-center has-large-font-size\"><strong><a href=\"https:\/\/www3.santoandre.sp.gov.br\/portaldoempreendedor\/index.php\/servicos-de-inclusao-produtiva\/\"><span class=\"has-inline-color has-white-color\">SERVI\u00c7OS INCLUS\u00c3O PRODUTIVA<\/span><\/a><\/strong><\/p>\n<\/div>\n<\/div>\n\n<div class=\"wp-block-kadence-spacer aligncenter kt-block-spacer-_8ea5a2-a3\">\n<div class=\"kt-block-spacer kt-block-spacer-halign-center\" style=\"height: 35px;\"><hr class=\"kt-divider\" style=\"border-top-color: #eee; border-top-width: 1px; width: 80%; border-top-style: solid;\" \/><\/div>\n<\/div>\n\n<div class=\"wp-block-cover has-background-dim-60 has-background-dim\" style=\"min-height: 158px;aspect-ratio:unset;\"><img decoding=\"async\" width=\"900\" height=\"506\" class=\"wp-block-cover__image-background wp-image-3146\" style=\"object-position: 23% 12%;\" src=\"https:\/\/www3.santoandre.sp.gov.br\/meunegocio\/wp-content\/uploads\/2022\/01\/ip2.jpg\" alt=\"\" data-object-fit=\"cover\" data-object-position=\"23% 12%\" srcset=\"https:\/\/www3.santoandre.sp.gov.br\/portaldoempreendedor\/wp-content\/uploads\/2022\/01\/ip2.jpg 900w, https:\/\/www3.santoandre.sp.gov.br\/portaldoempreendedor\/wp-content\/uploads\/2022\/01\/ip2-300x169.jpg 300w, https:\/\/www3.santoandre.sp.gov.br\/portaldoempreendedor\/wp-content\/uploads\/2022\/01\/ip2-768x432.jpg 768w\" sizes=\"(max-width: 900px) 100vw, 900px\" \/>\n<div class=\"wp-block-cover__inner-container is-layout-flow wp-block-cover-is-layout-flow\">\n<p class=\"has-text-align-center has-large-font-size\"><strong><a href=\"https:\/\/www3.santoandre.sp.gov.br\/portaldoempreendedor\/index.php\/estrutura-de-inclusao-produtiva\/\"><span class=\"has-inline-color has-white-color\">ESTRUTURA INCLUS\u00c3O PRODUTIVA<\/span><\/a><\/strong><\/p>\n<\/div>\n<\/div>\n\t\t\t\t\t\t\t\t<\/div>\n\t\t\t\t<\/div>\n\t\t\t\t\t<\/div>\n\t\t<\/div>\n\t\t\t\t\t<\/div>\n\t\t<\/section>\n\t\t\t\t<section class=\"elementor-section elementor-top-section elementor-element elementor-element-19920da elementor-section-boxed elementor-section-height-default elementor-section-height-default\" data-id=\"19920da\" data-element_type=\"section\">\n\t\t\t\t\t\t<div class=\"elementor-container elementor-column-gap-default\">\n\t\t\t\t\t<div class=\"elementor-column elementor-col-100 elementor-top-column elementor-element elementor-element-c748a44\" data-id=\"c748a44\" data-element_type=\"column\">\n\t\t\t<div class=\"elementor-widget-wrap elementor-element-populated\">\n\t\t\t\t\t\t<div class=\"elementor-element elementor-element-d23b101 elementor-widget elementor-widget-testimonial\" data-id=\"d23b101\" data-element_type=\"widget\" data-widget_type=\"testimonial.default\">\n\t\t\t\t<div class=\"elementor-widget-container\">\n\t\t\t\t\t\t\t<div class=\"elementor-testimonial-wrapper\">\n\t\t\t\t\t\t\t<div class=\"elementor-testimonial-content\">.<\/div>\n\t\t\t\n\t\t\t\t\t<\/div>\n\t\t\t\t\t\t<\/div>\n\t\t\t\t<\/div>\n\t\t\t\t\t<\/div>\n\t\t<\/div>\n\t\t\t\t\t<\/div>\n\t\t<\/section>\n\t\t\t\t<\/div>\n\t\t","protected":false},"excerpt":{"rendered":"<p>O programa de Inclus\u00e3o Produtiva de Santo Andr\u00e9 tem por objetivo apoiar a inclus\u00e3o das pessoas em vulnerabilidade econ\u00f4mica e social da cidade no mundo do trabalho ou do empreendedorismo, &#8230;<\/p>\n","protected":false},"author":6,"featured_media":0,"parent":0,"menu_order":0,"comment_status":"closed","ping_status":"closed","template":"","meta":{"_themeisle_gutenberg_block_has_review":false,"footnotes":""},"class_list":["post-3029","page","type-page","status-publish","hentry"],"jetpack_sharing_enabled":true,"_links":{"self":[{"href":"https:\/\/www3.santoandre.sp.gov.br\/portaldoempreendedor\/index.php\/wp-json\/wp\/v2\/pages\/3029","targetHints":{"allow":["GET"]}}],"collection":[{"href":"https:\/\/www3.santoandre.sp.gov.br\/portaldoempreendedor\/index.php\/wp-json\/wp\/v2\/pages"}],"about":[{"href":"https:\/\/www3.santoandre.sp.gov.br\/portaldoempreendedor\/index.php\/wp-json\/wp\/v2\/types\/page"}],"author":[{"embeddable":true,"href":"https:\/\/www3.santoandre.sp.gov.br\/portaldoempreendedor\/index.php\/wp-json\/wp\/v2\/users\/6"}],"replies":[{"embeddable":true,"href":"https:\/\/www3.santoandre.sp.gov.br\/portaldoempreendedor\/index.php\/wp-json\/wp\/v2\/comments?post=3029"}],"version-history":[{"count":40,"href":"https:\/\/www3.santoandre.sp.gov.br\/portaldoempreendedor\/index.php\/wp-json\/wp\/v2\/pages\/3029\/revisions"}],"predecessor-version":[{"id":3771,"href":"https:\/\/www3.santoandre.sp.gov.br\/portaldoempreendedor\/index.php\/wp-json\/wp\/v2\/pages\/3029\/revisions\/3771"}],"wp:attachment":[{"href":"https:\/\/www3.santoandre.sp.gov.br\/portaldoempreendedor\/index.php\/wp-json\/wp\/v2\/media?parent=3029"}],"curies":[{"name":"wp","href":"https:\/\/api.w.org\/{rel}","templated":true}]}}