
{"id":70734,"date":"2026-01-27T09:54:04","date_gmt":"2026-01-27T12:54:04","guid":{"rendered":"https:\/\/www3.santoandre.sp.gov.br\/cultura\/?page_id=70734"},"modified":"2026-04-27T15:08:54","modified_gmt":"2026-04-27T18:08:54","slug":"contratacoes-publicadas","status":"publish","type":"page","link":"https:\/\/www3.santoandre.sp.gov.br\/cultura\/contratacoes-publicadas\/","title":{"rendered":"Contrata\u00e7\u00f5es publicadas"},"content":{"rendered":"\n\n\t<h1><strong>Contrata\u00e7\u00f5es Publicadas <\/strong><\/h1>\n\t<ul>\n<li><a href=\"https:\/\/www3.santoandre.sp.gov.br\/cultura\/wp-content\/uploads\/2026\/04\/publicacao-25.04.26-Contratacoes-Aniversario-da-Cidade.pdf\">publica\u00e7\u00e3o 25.04.26 Contrata\u00e7\u00f5es Anivers\u00e1rio da Cidade<\/a><\/li>\n<li><a href=\"https:\/\/www3.santoandre.sp.gov.br\/cultura\/wp-content\/uploads\/2026\/04\/publicacao-24.04.26-SAC-GCL1-Inexigibilidade-de-Licitacao-autorizada-SC.pdf\">publica\u00e7\u00e3o 24.04.26 SAC GCL1 Inexigibilidade de Licita\u00e7\u00e3o autorizada SC<\/a><\/li>\n<li><a href=\"https:\/\/www3.santoandre.sp.gov.br\/cultura\/wp-content\/uploads\/2026\/04\/publicacao-18.04.26-SAC-GCL1-Inexigibilidade-de-licitacao-autorizada.pdf\">publica\u00e7\u00e3o 18.04.26 SAC GCL1 Inexigibilidade de licita\u00e7\u00e3o autorizada<\/a><\/li>\n<li><a href=\"https:\/\/www3.santoandre.sp.gov.br\/cultura\/wp-content\/uploads\/2026\/04\/publicacao-11.04.26-SAC-GCL1-contratacoes-SC.pdf\">publica\u00e7\u00e3o 11.04.26 SAC GCL1 contrata\u00e7\u00f5es SC<\/a><\/li>\n<li><a href=\"https:\/\/www3.santoandre.sp.gov.br\/cultura\/wp-content\/uploads\/2026\/04\/Publicacao-01-04-26-GC-SAC-Contratos-da-SC.pdf\">Publica\u00e7\u00e3o 01 04 26 GC SAC Contratos da SC<\/a><\/li>\n<li><a href=\"https:\/\/www3.santoandre.sp.gov.br\/cultura\/wp-content\/uploads\/2026\/04\/publicacao-03.04.26-GC-SAC-Contratos-da-SC.pdf\">publica\u00e7\u00e3o 03.04.26 GC SAC Contratos da SC<\/a><\/li>\n<li><a href=\"https:\/\/www3.santoandre.sp.gov.br\/cultura\/wp-content\/uploads\/2026\/03\/publicacao-26.03.26-SAC-GCL1-inexigibilidade-de-licitacao-autorizada-SC.pdf\">publica\u00e7\u00e3o 26.03.26 SAC GCL1 inexigibilidade de licita\u00e7\u00e3o autorizada SC<\/a><\/li>\n<li><a href=\"https:\/\/www3.santoandre.sp.gov.br\/cultura\/wp-content\/uploads\/2026\/03\/publicacao-20.03.26-SAC-GCL1-Credenciamento-eletronico-SC-Edital-014.2026.pdf\">publica\u00e7\u00e3o 20.03.26 SAC GCL1 Credenciamento eletr\u00f4nico SC Edital 014.2026<\/a><\/li>\n<li><a href=\"https:\/\/www3.santoandre.sp.gov.br\/cultura\/wp-content\/uploads\/2026\/03\/publicacao-19.03.26-SAC-GCL1-ERRATA-Credenciamento-Eletronico-edital-012.2026-por-014.2026.docx\">publica\u00e7\u00e3o 19.03.26 SAC GCL1 ERRATA- Credenciamento Eletr\u00f4nico edital 012.2026 por 014.2026<\/a><\/li>\n<li><a href=\"https:\/\/www3.santoandre.sp.gov.br\/cultura\/wp-content\/uploads\/2026\/03\/publicacao-17.03.26-SAC_GCL1-Credenciamento-eletronico-e-Inexigibilidade-de-licitacao-autorizada-na-SC.docx\">publica\u00e7\u00e3o 17.03.26 SAC_GCL1 Credenciamento eletr\u00f4nico Edital 012.2026 <\/a><a href=\"https:\/\/www3.santoandre.sp.gov.br\/cultura\/wp-content\/uploads\/2026\/03\/publicacao-17.03.26-SAC_GCL1-Credenciamento-eletronico-e-Inexigibilidade-de-licitacao-autorizada-na-SC.docx\">e Inexigibilidade de licita\u00e7\u00e3o autorizada &#8211; SC<\/a><\/li>\n<li><a href=\"https:\/\/www3.santoandre.sp.gov.br\/cultura\/wp-content\/uploads\/2026\/03\/publicacao-10.03.26-SAC-GCL1-Inexigiblidade-de-licitacao-autorizada_Trupe-Borboletras-Prod.-Art.-Ltda-e-Ethos-Prod.-de-Arte-e-Cultura-Ltda.pdf\">publica\u00e7\u00e3o 10.03.26 SAC-GCL1- Inexigiblidade de licita\u00e7\u00e3o autorizada_Trupe Borboletras Prod. Art. Ltda e Ethos Prod. de Arte e Cultura Ltda.<\/a><\/li>\n<li><a href=\"https:\/\/www3.santoandre.sp.gov.br\/cultura\/wp-content\/uploads\/2026\/02\/publicacao-21.02.26-SAC_GCL1-Inexigibilidade-de-licitacao-autorizada-para-SC_Liga-Independente-das-Escolas-de-Samba-de-Santo-Andre-_LIESA.pdf\">publica\u00e7\u00e3o 21.02.26 SAC_GCL1 Inexigibilidade de licita\u00e7\u00e3o autorizada para SC_Liga Independente das Escolas de Samba de Santo Andr\u00e9 _LIESA<\/a><\/li>\n<\/ul>\n<p>&nbsp;<\/p>\n\t<ul>\n<li><a href=\"https:\/\/www3.santoandre.sp.gov.br\/cultura\/wp-content\/uploads\/2026\/02\/publicacao-14.02.26-SAC_GCL1-Inexigibilidade-de-licitacao-autorizada-_SC-1.pdf\">publica\u00e7\u00e3o 14.02.26 SAC_GCL1- Inexigibilidade de licita\u00e7\u00e3o autorizada _SC<\/a><\/li>\n<li><a href=\"https:\/\/www3.santoandre.sp.gov.br\/cultura\/wp-content\/uploads\/2026\/02\/PUBLICACAO-13-02-2026.pdf\">publica\u00e7\u00e3o-13.02.26-Portaria-13-02-2026-institui-comiss\u00e3o-epecial-de-credenciamento-GEFOCA<\/a><\/li>\n<li><a href=\"https:\/\/www3.santoandre.sp.gov.br\/cultura\/wp-content\/uploads\/2026\/02\/publicacao-06.02.26-Extrato-de-convocatoria-Comemoracao-do-Aniversario-da-Cidade-1.pdf\">publica\u00e7\u00e3o 06.02.26 &#8211; Extrato de convocat\u00f3ria &#8211; Comemora\u00e7\u00e3o do Anivers\u00e1rio da Cidade<\/a><\/li>\n<\/ul>\n<p>&nbsp;<\/p>\n\n","protected":false},"excerpt":{"rendered":"<p>Contrata\u00e7\u00f5es Publicadas publica\u00e7\u00e3o 25.04.26 Contrata\u00e7\u00f5es Anivers\u00e1rio da Cidade publica\u00e7\u00e3o 24.04.26 SAC GCL1 Inexigibilidade de Licita\u00e7\u00e3o autorizada SC publica\u00e7\u00e3o 18.04.26 SAC GCL1 Inexigibilidade de licita\u00e7\u00e3o autorizada publica\u00e7\u00e3o 11.04.26 SAC GCL1 contrata\u00e7\u00f5es SC Publica\u00e7\u00e3o 01 04 26 GC SAC Contratos da SC publica\u00e7\u00e3o 03.04.26 GC SAC Contratos da SC publica\u00e7\u00e3o 26.03.26 SAC GCL1 inexigibilidade de licita\u00e7\u00e3o autorizada&hellip;<\/p>\n","protected":false},"author":1,"featured_media":0,"parent":0,"menu_order":0,"comment_status":"closed","ping_status":"closed","template":"","meta":{"footnotes":""},"class_list":["post-70734","page","type-page","status-publish","hentry"],"jetpack_sharing_enabled":true,"_links":{"self":[{"href":"https:\/\/www3.santoandre.sp.gov.br\/cultura\/wp-json\/wp\/v2\/pages\/70734","targetHints":{"allow":["GET"]}}],"collection":[{"href":"https:\/\/www3.santoandre.sp.gov.br\/cultura\/wp-json\/wp\/v2\/pages"}],"about":[{"href":"https:\/\/www3.santoandre.sp.gov.br\/cultura\/wp-json\/wp\/v2\/types\/page"}],"author":[{"embeddable":true,"href":"https:\/\/www3.santoandre.sp.gov.br\/cultura\/wp-json\/wp\/v2\/users\/1"}],"replies":[{"embeddable":true,"href":"https:\/\/www3.santoandre.sp.gov.br\/cultura\/wp-json\/wp\/v2\/comments?post=70734"}],"version-history":[{"count":17,"href":"https:\/\/www3.santoandre.sp.gov.br\/cultura\/wp-json\/wp\/v2\/pages\/70734\/revisions"}],"predecessor-version":[{"id":70978,"href":"https:\/\/www3.santoandre.sp.gov.br\/cultura\/wp-json\/wp\/v2\/pages\/70734\/revisions\/70978"}],"wp:attachment":[{"href":"https:\/\/www3.santoandre.sp.gov.br\/cultura\/wp-json\/wp\/v2\/media?parent=70734"}],"curies":[{"name":"wp","href":"https:\/\/api.w.org\/{rel}","templated":true}]}}